{"id":16,"date":"2023-04-11T17:09:11","date_gmt":"2023-04-11T15:09:11","guid":{"rendered":"https:\/\/ambasciatapraga.esteri.it\/?page_id=16"},"modified":"2023-04-11T17:11:19","modified_gmt":"2023-04-11T15:11:19","slug":"news","status":"publish","type":"page","link":"https:\/\/ambconakry.esteri.it\/it\/news\/","title":{"rendered":"Notizie"},"content":{"rendered":"        <div class=\"row\">\n\t\t\t<!-- Ricerca sedi post -->\n\t\t\t<div class=\"col-12 mt-4\">\n\t\t\t  <div class=\"callout callout-highlight note ricerca-esteri p-4\">\n                    <div class=\"callout-title\">\n                        <svg class=\"icon\">\n                            <use xlink:href=\"https:\/\/ambconakry.esteri.it\/wp-content\/themes\/sedi-tema\/assets\/svg\/sprites.svg#it-search\"><\/use>\n                        <\/svg>Inserisci i parametri di ricerca                    <\/div>\n                    <form id=\"searchFormPost\" name=\"form-search-post\" class=\"form-row align-items-center\" action=\"https:\/\/ambconakry.esteri.it\/it\/wp-json\/wp\/v2\/pages\/16\/\" method=\"GET\"> \n                        <!-- <div class=\"form-group pt-5\"> -->\n                            <!-- <input type=\"hidden\" id=\"lang\" name=\"lang\" value=\"\"> --> <!-- <\/div> -->\n\n                        <div class=\"it-datepicker-wrapper\">\n                            <div class=\"row\">\n                                <div class=\"form-group col-md-6\">\n                                    <label class=\"active\" for=\"date-init\">Dal<\/label>\n                                    <input class=\"form-control\" name=\"date-init\" id=\"date-init\" type=\"date\" placeholder=\"gg\/mm\/aaaa\" value=\"\"lang=\"en-EN\">  \n                                <\/div>\n                                <div class=\"form-group col-md-6\">\n                                    <label class=\"active\" for=\"date-end\">Al<\/label>\n                                    <input class=\"form-control\" name=\"date-end\" id=\"date-end\" type=\"date\" placeholder=\"gg\/mm\/aaaa\" value=\"\">\n                                <\/div>\n                            <\/div>\n                        <\/div>\n                        <div class=\"form-group col-md-12 mt-3\">\n                            <label for=\"searchText\">Campo ricerca libera<\/label>\n                            <input type=\"text\" name=\"searchText\" class=\"form-control\" id=\"searchText\" value=\"\">\n                        <\/div>\n                        <div class=\"form-group col-md-4 offset-md-8 text-end\">\n                            <a href=\"https:\/\/ambconakry.esteri.it\/it\/news\/\" title=\"Form reset\" id=\"resetImput\" class=\"btn btn-outline-primary btn-xs\">Reset<\/a>\n                            <button type=\"submit\" class=\"btn btn-primary btn-xs\">Mostra risultati<\/button>\n                        <\/div>\n                    <\/form>\n\t\t\t\t<\/div>\n\t\t\t<\/div>\n\t\t<\/div>\n                    \n            <div class=\"row\">\n                            <div class=\"col-12 mt-3\">\n                <!--start card-->\n                <div class=\"card-wrapper card-space\">\n                    <div class=\"card card-bg card-big border-bottom-card\">\n                        <div class=\"card-body \">\n                                                        <div class=\"category-top\">\n                                                                                                            <span class=\"\">\n                                        <svg class=\"icon icon-secondary\">\n                                            <use xlink:href=\"https:\/\/ambconakry.esteri.it\/wp-content\/themes\/sedi-tema\/assets\/svg\/sprites.svg#it-calendar\"><\/use>\n                                        <\/svg> 15 Aprile 2026                                    <\/span>\n                                                                    <\/div>\n                            <h5 class=\"card-title big-heading text-uppercase\"><a class=\"text-body text-decoration-none\" href=\"https:\/\/ambconakry.esteri.it\/it\/news\/dall_ambasciata\/2026\/04\/guinea-forestale-agricoltura-giovani-e-futuro-missione-aics-30-marzo-3-aprile-2026\/\" title=\"Guinea forestale: agricoltura, giovani e futuro. Missione AICS (30 marzo-3 aprile 2026)\">Guinea forestale: agricoltura, giovani e futuro. Missione AICS (30 marzo-3 aprile 2026)<\/a><\/h5>\n                            <p class=\"card-text\">Dal 30 marzo al 3 aprile 2026, il coordinatore Guinea dell\u2019AICS ha svolto una missione sul campo in Guinea forestale, tra Nz\u00e9r\u00e9kor\u00e9, Macenta e Seredou, con l\u2019obiettivo di rafforzare il dialogo operativo con i partner e verificare l\u2019avanzamento delle iniziative sostenute dall\u2019Italia. La missione si \u00e8 caratterizzata per un\u2019intensa attivit\u00e0 di incontri, visite e momenti [&hellip;]<\/p>\n                                <a title=\"Guinea forestale: agricoltura, giovani e futuro. Missione AICS (30 marzo-3 aprile 2026)\" class=\"read-more\" href=\"https:\/\/ambconakry.esteri.it\/it\/news\/dall_ambasciata\/2026\/04\/guinea-forestale-agricoltura-giovani-e-futuro-missione-aics-30-marzo-3-aprile-2026\/\">\n                                    <span class=\"text\">Leggi di pi\u00f9<\/span>\n                                    <svg class=\"icon\">\n                                    <use xlink:href=\"https:\/\/ambconakry.esteri.it\/wp-content\/themes\/sedi-tema\/assets\/svg\/sprites.svg#it-arrow-right\"><\/use>\n                                    <\/svg>\n                                <\/a>\n                                                    <\/div>\n                    <\/div>\n                <\/div>\n                <!--end card-->\n                <\/div><!-- col-12 .mt-3-->\n                            <div class=\"col-12 mt-3\">\n                <!--start card-->\n                <div class=\"card-wrapper card-space\">\n                    <div class=\"card card-bg card-big border-bottom-card\">\n                        <div class=\"card-body \">\n                                                        <div class=\"category-top\">\n                                                                                                            <span class=\"\">\n                                        <svg class=\"icon icon-secondary\">\n                                            <use xlink:href=\"https:\/\/ambconakry.esteri.it\/wp-content\/themes\/sedi-tema\/assets\/svg\/sprites.svg#it-calendar\"><\/use>\n                                        <\/svg> 24 Marzo 2026                                    <\/span>\n                                                                    <\/div>\n                            <h5 class=\"card-title big-heading text-uppercase\"><a class=\"text-body text-decoration-none\" href=\"https:\/\/ambconakry.esteri.it\/it\/news\/dall_ambasciata\/2026\/03\/borse-di-studio-offerte-dal-governo-italiano-a-studenti-stranieri-e-italiani-residenti-allestero-ire-2\/\" title=\"Borse di studio offerte dal Governo italiano a studenti stranieri e italiani residenti all\u2019estero (IRE)\">Borse di studio offerte dal Governo italiano a studenti stranieri e italiani residenti all\u2019estero (IRE)<\/a><\/h5>\n                            <p class=\"card-text\">Il\u00a0Ministero degli Affari Esteri e della Cooperazione Internazionale\u00a0(MAECI)\u00a0offre\u00a0borse di studio\u00a0in favore di\u00a0studenti stranieri\u00a0e\u00a0Italiani Residenti all\u2019Estero (IRE)\u00a0per\u00a0l\u2019anno accademico 2026-2027, con l\u2019obiettivo di favorire la cooperazione in campo culturale, scientifico e tecnologico, la proiezione del sistema economico dell\u2019Italia nel mondo e la diffusione della conoscenza della lingua e cultura italiana (Rif. Legge 288\/55 e successive modifiche e [&hellip;]<\/p>\n                                <a title=\"Borse di studio offerte dal Governo italiano a studenti stranieri e italiani residenti all\u2019estero (IRE)\" class=\"read-more\" href=\"https:\/\/ambconakry.esteri.it\/it\/news\/dall_ambasciata\/2026\/03\/borse-di-studio-offerte-dal-governo-italiano-a-studenti-stranieri-e-italiani-residenti-allestero-ire-2\/\">\n                                    <span class=\"text\">Leggi di pi\u00f9<\/span>\n                                    <svg class=\"icon\">\n                                    <use xlink:href=\"https:\/\/ambconakry.esteri.it\/wp-content\/themes\/sedi-tema\/assets\/svg\/sprites.svg#it-arrow-right\"><\/use>\n                                    <\/svg>\n                                <\/a>\n                                                    <\/div>\n                    <\/div>\n                <\/div>\n                <!--end card-->\n                <\/div><!-- col-12 .mt-3-->\n                            <div class=\"col-12 mt-3\">\n                <!--start card-->\n                <div class=\"card-wrapper card-space\">\n                    <div class=\"card card-bg card-big border-bottom-card\">\n                        <div class=\"card-body \">\n                                                        <div class=\"category-top\">\n                                                                                                            <span class=\"\">\n                                        <svg class=\"icon icon-secondary\">\n                                            <use xlink:href=\"https:\/\/ambconakry.esteri.it\/wp-content\/themes\/sedi-tema\/assets\/svg\/sprites.svg#it-calendar\"><\/use>\n                                        <\/svg> 22 Gennaio 2026                                    <\/span>\n                                                                    <\/div>\n                            <h5 class=\"card-title big-heading text-uppercase\"><a class=\"text-body text-decoration-none\" href=\"https:\/\/ambconakry.esteri.it\/it\/news\/dall_ambasciata\/2026\/01\/voto-per-corrispondenza-dei-cittadini-italiani-allestero-e-opzione-per-il-voto-in-italia\/\" title=\"VOTO PER CORRISPONDENZA DEI CITTADINI ITALIANI ALL\u2019ESTERO\u00a0E OPZIONE PER IL VOTO IN ITALIA\">VOTO PER CORRISPONDENZA DEI CITTADINI ITALIANI ALL\u2019ESTERO\u00a0E OPZIONE PER IL VOTO IN ITALIA<\/a><\/h5>\n                            <p class=\"card-text\">Con decreto del Presidente della Repubblica del 13\/01\/2026, pubblicato nella Gazzetta Ufficiale del 14\/01\/2026, \u00e8 stata fissata\u00a0nei giorni 22 e 23 MARZO 2026 la data del referendum ex art. 138 della Costituzione per la modifica di alcuni articoli della Costituzione (c.d. \u201cRiforma della giustizia\u201d). Si ricorda che\u00a0il VOTO \u00e8 un DIRITTO\u00a0tutelato dalla Costituzione italiana e [&hellip;]<\/p>\n                                <a title=\"VOTO PER CORRISPONDENZA DEI CITTADINI ITALIANI ALL\u2019ESTERO\u00a0E OPZIONE PER IL VOTO IN ITALIA\" class=\"read-more\" href=\"https:\/\/ambconakry.esteri.it\/it\/news\/dall_ambasciata\/2026\/01\/voto-per-corrispondenza-dei-cittadini-italiani-allestero-e-opzione-per-il-voto-in-italia\/\">\n                                    <span class=\"text\">Leggi di pi\u00f9<\/span>\n                                    <svg class=\"icon\">\n                                    <use xlink:href=\"https:\/\/ambconakry.esteri.it\/wp-content\/themes\/sedi-tema\/assets\/svg\/sprites.svg#it-arrow-right\"><\/use>\n                                    <\/svg>\n                                <\/a>\n                                                    <\/div>\n                    <\/div>\n                <\/div>\n                <!--end card-->\n                <\/div><!-- col-12 .mt-3-->\n                            <div class=\"col-12 mt-3\">\n                <!--start card-->\n                <div class=\"card-wrapper card-space\">\n                    <div class=\"card card-bg card-big border-bottom-card\">\n                        <div class=\"card-body \">\n                                                        <div class=\"category-top\">\n                                                                                                            <span class=\"\">\n                                        <svg class=\"icon icon-secondary\">\n                                            <use xlink:href=\"https:\/\/ambconakry.esteri.it\/wp-content\/themes\/sedi-tema\/assets\/svg\/sprites.svg#it-calendar\"><\/use>\n                                        <\/svg> 28 Ottobre 2025                                    <\/span>\n                                                                    <\/div>\n                            <h5 class=\"card-title big-heading text-uppercase\"><a class=\"text-body text-decoration-none\" href=\"https:\/\/ambconakry.esteri.it\/it\/news\/dall_ambasciata\/2025\/10\/presentazione-delle-credenziali-dellambasciatore-chazli-al-presidente-doumbouya\/\" title=\"Presentazione delle Credenziali dell&#8217;Ambasciatore Chazli al Presidente Doumbouya\">Presentazione delle Credenziali dell&#8217;Ambasciatore Chazli al Presidente Doumbouya<\/a><\/h5>\n                            <p class=\"card-text\">L\u2019Ambasciatore d\u2019Italia a Conakry, Tarek Chazli, ha presentato il 10 ottobre 2025 le sue Lettere Credenziali a Sua Eccellenza il Presidente Mamadi Doumbouya. E\u2019 stata sottolineata nell&#8217;occasione la disponibilit\u00e0 dell\u2019Italia e delle sue imprese ad affiancare la Repubblica di Guinea nel suo cammino di sviluppo. &nbsp;<\/p>\n                                <a title=\"Presentazione delle Credenziali dell&#8217;Ambasciatore Chazli al Presidente Doumbouya\" class=\"read-more\" href=\"https:\/\/ambconakry.esteri.it\/it\/news\/dall_ambasciata\/2025\/10\/presentazione-delle-credenziali-dellambasciatore-chazli-al-presidente-doumbouya\/\">\n                                    <span class=\"text\">Leggi di pi\u00f9<\/span>\n                                    <svg class=\"icon\">\n                                    <use xlink:href=\"https:\/\/ambconakry.esteri.it\/wp-content\/themes\/sedi-tema\/assets\/svg\/sprites.svg#it-arrow-right\"><\/use>\n                                    <\/svg>\n                                <\/a>\n                                                    <\/div>\n                    <\/div>\n                <\/div>\n                <!--end card-->\n                <\/div><!-- col-12 .mt-3-->\n                            <div class=\"col-12 mt-3\">\n                <!--start card-->\n                <div class=\"card-wrapper card-space\">\n                    <div class=\"card card-bg card-big border-bottom-card\">\n                        <div class=\"card-body \">\n                                                        <div class=\"category-top\">\n                                                                                                            <span class=\"\">\n                                        <svg class=\"icon icon-secondary\">\n                                            <use xlink:href=\"https:\/\/ambconakry.esteri.it\/wp-content\/themes\/sedi-tema\/assets\/svg\/sprites.svg#it-calendar\"><\/use>\n                                        <\/svg> 3 Agosto 2025                                    <\/span>\n                                                                    <\/div>\n                            <h5 class=\"card-title big-heading text-uppercase\"><a class=\"text-body text-decoration-none\" href=\"https:\/\/ambconakry.esteri.it\/it\/news\/dall_ambasciata\/2025\/08\/borse-di-studio-a-a-2025-2026-per-laccademia-darti-e-mestieri-dello-spettacolo-teatro-alla-scala-global-master-in-performing-arts-management-gmpam\/\" title=\"Borse di studio a.a. 2025-2026 per l\u2019Accademia d\u2019Arti e Mestieri dello Spettacolo Teatro alla Scala \u2013 Global Master in \u201cPerforming Arts Management\u201d (GMPAM)\">Borse di studio a.a. 2025-2026 per l\u2019Accademia d\u2019Arti e Mestieri dello Spettacolo Teatro alla Scala \u2013 Global Master in \u201cPerforming Arts Management\u201d (GMPAM)<\/a><\/h5>\n                            <p class=\"card-text\">L\u2019Ambasciata d\u2019Italia \u00e8 lieta di informare che il\u00a0Ministero degli Affari Esteri e della Cooperazione Internazionale (MAECI)\u00a0ha annunciato la concessione di\u00a0borse di studio\u00a0in favore di\u00a0studenti internazionali\u00a0regolarmente iscritti al\u00a0Global Master in Performing Arts Management (GMPAM), organizzato dall\u2019Accademia Teatro alla Scala. Per l\u2019anno accademico\u00a02025\/2026, sono disponibili\u00a0fino a 7 borse di studio, ciascuna del valore di\u00a01.000 euro mensili, per [&hellip;]<\/p>\n                                <a title=\"Borse di studio a.a. 2025-2026 per l\u2019Accademia d\u2019Arti e Mestieri dello Spettacolo Teatro alla Scala \u2013 Global Master in \u201cPerforming Arts Management\u201d (GMPAM)\" class=\"read-more\" href=\"https:\/\/ambconakry.esteri.it\/it\/news\/dall_ambasciata\/2025\/08\/borse-di-studio-a-a-2025-2026-per-laccademia-darti-e-mestieri-dello-spettacolo-teatro-alla-scala-global-master-in-performing-arts-management-gmpam\/\">\n                                    <span class=\"text\">Leggi di pi\u00f9<\/span>\n                                    <svg class=\"icon\">\n                                    <use xlink:href=\"https:\/\/ambconakry.esteri.it\/wp-content\/themes\/sedi-tema\/assets\/svg\/sprites.svg#it-arrow-right\"><\/use>\n                                    <\/svg>\n                                <\/a>\n                                                    <\/div>\n                    <\/div>\n                <\/div>\n                <!--end card-->\n                <\/div><!-- col-12 .mt-3-->\n                            <div class=\"col-12 mt-3\">\n                <!--start card-->\n                <div class=\"card-wrapper card-space\">\n                    <div class=\"card card-bg card-big border-bottom-card\">\n                        <div class=\"card-body \">\n                                                        <div class=\"category-top\">\n                                                                                                            <span class=\"\">\n                                        <svg class=\"icon icon-secondary\">\n                                            <use xlink:href=\"https:\/\/ambconakry.esteri.it\/wp-content\/themes\/sedi-tema\/assets\/svg\/sprites.svg#it-calendar\"><\/use>\n                                        <\/svg> 6 Giugno 2025                                    <\/span>\n                                                                    <\/div>\n                            <h5 class=\"card-title big-heading text-uppercase\"><a class=\"text-body text-decoration-none\" href=\"https:\/\/ambconakry.esteri.it\/it\/news\/dall_ambasciata\/2025\/06\/avviso-di-assunzione-per-posizione-temporanea-di-autista-commesso-centralinista-proroga-presentazione-domande\/\" title=\"Avviso di assunzione per posizione temporanea di Autista\/Commesso\/Centralinista. Proroga presentazione domande.\">Avviso di assunzione per posizione temporanea di Autista\/Commesso\/Centralinista. Proroga presentazione domande.<\/a><\/h5>\n                            <p class=\"card-text\">&nbsp; In relazione all\u2019avviso di assunzione pubblicato in data 19 maggio 2025, si comunica che il termine per la presentazione delle domande \u00e8 stato prorogato alle ore 12:00 del giorno 10 giugno 2025. En r\u00e9f\u00e9rence \u00e0 l\u2019avis de recrutement publi\u00e9 le 19 mai 2025, il est communiqu\u00e9 que le d\u00e9lai de d\u00e9p\u00f4t des candidatures est [&hellip;]<\/p>\n                                <a title=\"Avviso di assunzione per posizione temporanea di Autista\/Commesso\/Centralinista. Proroga presentazione domande.\" class=\"read-more\" href=\"https:\/\/ambconakry.esteri.it\/it\/news\/dall_ambasciata\/2025\/06\/avviso-di-assunzione-per-posizione-temporanea-di-autista-commesso-centralinista-proroga-presentazione-domande\/\">\n                                    <span class=\"text\">Leggi di pi\u00f9<\/span>\n                                    <svg class=\"icon\">\n                                    <use xlink:href=\"https:\/\/ambconakry.esteri.it\/wp-content\/themes\/sedi-tema\/assets\/svg\/sprites.svg#it-arrow-right\"><\/use>\n                                    <\/svg>\n                                <\/a>\n                                                    <\/div>\n                    <\/div>\n                <\/div>\n                <!--end card-->\n                <\/div><!-- col-12 .mt-3-->\n                            <div class=\"col-12 mt-3\">\n                <!--start card-->\n                <div class=\"card-wrapper card-space\">\n                    <div class=\"card card-bg card-big border-bottom-card\">\n                        <div class=\"card-body \">\n                                                        <div class=\"category-top\">\n                                                                                                            <span class=\"\">\n                                        <svg class=\"icon icon-secondary\">\n                                            <use xlink:href=\"https:\/\/ambconakry.esteri.it\/wp-content\/themes\/sedi-tema\/assets\/svg\/sprites.svg#it-calendar\"><\/use>\n                                        <\/svg> 19 Maggio 2025                                    <\/span>\n                                                                    <\/div>\n                            <h5 class=\"card-title big-heading text-uppercase\"><a class=\"text-body text-decoration-none\" href=\"https:\/\/ambconakry.esteri.it\/it\/news\/dall_ambasciata\/2025\/05\/avviso-di-assunzione-di-un-1-impiegato-a-contratto-temporaneo-6-mesi-da-adibire-ai-servizi-di-autista-commesso-centralinista-presso-lambasciata-ditalia-a-conakry\/\" title=\"Avviso di assunzione di un (1) impiegato a contratto temporaneo (6 mesi) da adibire ai servizi di Autista\/Commesso\/Centralinista presso l\u2019Ambasciata d\u2019Italia a Conakry\">Avviso di assunzione di un (1) impiegato a contratto temporaneo (6 mesi) da adibire ai servizi di Autista\/Commesso\/Centralinista presso l\u2019Ambasciata d\u2019Italia a Conakry<\/a><\/h5>\n                            <p class=\"card-text\">E\u2019 indetta una procedura di selezione per l\u2019assunzione di n. 1 impiegato a contratto temporaneo (durata 6 mesi) da adibire ai servizi di Autista\/Commesso\/Centralinista presso l\u2019Ambasciata d\u2019Italia a Conakry. Le candidature, comprendenti un Curruiculum Vitae e contatti telefonici ed email del candidato, dovranno essere presentate entro e non oltre le ore 12.00 del giorno 4 [&hellip;]<\/p>\n                                <a title=\"Avviso di assunzione di un (1) impiegato a contratto temporaneo (6 mesi) da adibire ai servizi di Autista\/Commesso\/Centralinista presso l\u2019Ambasciata d\u2019Italia a Conakry\" class=\"read-more\" href=\"https:\/\/ambconakry.esteri.it\/it\/news\/dall_ambasciata\/2025\/05\/avviso-di-assunzione-di-un-1-impiegato-a-contratto-temporaneo-6-mesi-da-adibire-ai-servizi-di-autista-commesso-centralinista-presso-lambasciata-ditalia-a-conakry\/\">\n                                    <span class=\"text\">Leggi di pi\u00f9<\/span>\n                                    <svg class=\"icon\">\n                                    <use xlink:href=\"https:\/\/ambconakry.esteri.it\/wp-content\/themes\/sedi-tema\/assets\/svg\/sprites.svg#it-arrow-right\"><\/use>\n                                    <\/svg>\n                                <\/a>\n                                                    <\/div>\n                    <\/div>\n                <\/div>\n                <!--end card-->\n                <\/div><!-- col-12 .mt-3-->\n                            <div class=\"col-12 mt-3\">\n                <!--start card-->\n                <div class=\"card-wrapper card-space\">\n                    <div class=\"card card-bg card-big border-bottom-card\">\n                        <div class=\"card-body \">\n                                                        <div class=\"category-top\">\n                                                                                                            <span class=\"\">\n                                        <svg class=\"icon icon-secondary\">\n                                            <use xlink:href=\"https:\/\/ambconakry.esteri.it\/wp-content\/themes\/sedi-tema\/assets\/svg\/sprites.svg#it-calendar\"><\/use>\n                                        <\/svg> 3 Maggio 2025                                    <\/span>\n                                                                    <\/div>\n                            <h5 class=\"card-title big-heading text-uppercase\"><a class=\"text-body text-decoration-none\" href=\"https:\/\/ambconakry.esteri.it\/it\/news\/dall_ambasciata\/2025\/05\/borse-di-studio-offerte-dal-governo-italiano-a-studenti-stranieri-e-italiani-residenti-allestero-ire\/\" title=\"Borse di studio offerte dal Governo italiano a studenti stranieri e italiani residenti all\u2019estero (IRE)\">Borse di studio offerte dal Governo italiano a studenti stranieri e italiani residenti all\u2019estero (IRE)<\/a><\/h5>\n                            <p class=\"card-text\">Il\u00a0Ministero degli Affari Esteri e della Cooperazione Internazionale\u00a0(MAECI)\u00a0offre borse di studio\u00a0in favore di\u00a0studenti stranieri residenti all\u2019estero e Italiani Residenti all\u2019Estero (IRE)\u00a0per\u00a0l\u2019anno accademico 2025-2026, con l\u2019obiettivo di favorire la cooperazione in campo culturale, scientifico e tecnologico, la proiezione del sistema economico dell\u2019Italia nel mondo e la diffusione della conoscenza della lingua e cultura italiana (Rif. Legge [&hellip;]<\/p>\n                                <a title=\"Borse di studio offerte dal Governo italiano a studenti stranieri e italiani residenti all\u2019estero (IRE)\" class=\"read-more\" href=\"https:\/\/ambconakry.esteri.it\/it\/news\/dall_ambasciata\/2025\/05\/borse-di-studio-offerte-dal-governo-italiano-a-studenti-stranieri-e-italiani-residenti-allestero-ire\/\">\n                                    <span class=\"text\">Leggi di pi\u00f9<\/span>\n                                    <svg class=\"icon\">\n                                    <use xlink:href=\"https:\/\/ambconakry.esteri.it\/wp-content\/themes\/sedi-tema\/assets\/svg\/sprites.svg#it-arrow-right\"><\/use>\n                                    <\/svg>\n                                <\/a>\n                                                    <\/div>\n                    <\/div>\n                <\/div>\n                <!--end card-->\n                <\/div><!-- col-12 .mt-3-->\n                            <div class=\"col-12 mt-3\">\n                <!--start card-->\n                <div class=\"card-wrapper card-space\">\n                    <div class=\"card card-bg card-big border-bottom-card\">\n                        <div class=\"card-body \">\n                                                        <div class=\"category-top\">\n                                                                                                            <span class=\"\">\n                                        <svg class=\"icon icon-secondary\">\n                                            <use xlink:href=\"https:\/\/ambconakry.esteri.it\/wp-content\/themes\/sedi-tema\/assets\/svg\/sprites.svg#it-calendar\"><\/use>\n                                        <\/svg> 14 Aprile 2025                                    <\/span>\n                                                                    <\/div>\n                            <h5 class=\"card-title big-heading text-uppercase\"><a class=\"text-body text-decoration-none\" href=\"https:\/\/ambconakry.esteri.it\/it\/news\/dall_ambasciata\/2025\/04\/incontro\/\" title=\"Incontro con delegazione di giovani del Comune di Moncalieri del progetto &#8216;Jeunesse Active&#8217;\">Incontro con delegazione di giovani del Comune di Moncalieri del progetto &#8216;Jeunesse Active&#8217;<\/a><\/h5>\n                            <p class=\"card-text\">&nbsp; L\u2019Ambasciatore Chazli ha ospitato sabato 13 aprile in Residenza a Conakry una delegazione di giovani del Comune di Moncalieri per celebrare la conclusione della loro missione in Guinea nell\u2019ambito del progetto di cooperazione decentrata &#8220;Jeunesse Active&#8221;, che ha l&#8217;obiettivo di coltivare le relazioni di pace attraverso l&#8217;educazione\u00a0e la\u00a0cittadinanza attiva\u00a0tra i giovani di Moncalieri e [&hellip;]<\/p>\n                                <a title=\"Incontro con delegazione di giovani del Comune di Moncalieri del progetto &#8216;Jeunesse Active&#8217;\" class=\"read-more\" href=\"https:\/\/ambconakry.esteri.it\/it\/news\/dall_ambasciata\/2025\/04\/incontro\/\">\n                                    <span class=\"text\">Leggi di pi\u00f9<\/span>\n                                    <svg class=\"icon\">\n                                    <use xlink:href=\"https:\/\/ambconakry.esteri.it\/wp-content\/themes\/sedi-tema\/assets\/svg\/sprites.svg#it-arrow-right\"><\/use>\n                                    <\/svg>\n                                <\/a>\n                                                    <\/div>\n                    <\/div>\n                <\/div>\n                <!--end card-->\n                <\/div><!-- col-12 .mt-3-->\n                            <div class=\"col-12 mt-3\">\n                <!--start card-->\n                <div class=\"card-wrapper card-space\">\n                    <div class=\"card card-bg card-big border-bottom-card\">\n                        <div class=\"card-body \">\n                                                        <div class=\"category-top\">\n                                                                                                            <span class=\"\">\n                                        <svg class=\"icon icon-secondary\">\n                                            <use xlink:href=\"https:\/\/ambconakry.esteri.it\/wp-content\/themes\/sedi-tema\/assets\/svg\/sprites.svg#it-calendar\"><\/use>\n                                        <\/svg> 6 Aprile 2025                                    <\/span>\n                                                                    <\/div>\n                            <h5 class=\"card-title big-heading text-uppercase\"><a class=\"text-body text-decoration-none\" href=\"https:\/\/ambconakry.esteri.it\/it\/news\/dall_ambasciata\/2025\/04\/566\/\" title=\"Referendum abrogativi 2025 (esercizio coordinato da Ambasciata d&#8217;Italia a Dakar, con assistenza da Ambasciata d&#8217;Italia a Conakry)\">Referendum abrogativi 2025 (esercizio coordinato da Ambasciata d&#8217;Italia a Dakar, con assistenza da Ambasciata d&#8217;Italia a Conakry)<\/a><\/h5>\n                            <p class=\"card-text\">Per cosa si vota? Con i Decreti del Presidente della Repubblica del 31\/03\/2025, pubblicati nella Gazzetta Ufficiale, Serie Generale, n. 75, del 31\/03\/2025, sono stati indetti\u00a05 referendum popolari abrogativi\u00a0per: Cittadinanza italiana: Dimezzamento da 10 a 5 anni dei tempi di residenza legale in Italia dello straniero maggiorenne extracomunitario per la richiesta di concessione della cittadinanza [&hellip;]<\/p>\n                                <a title=\"Referendum abrogativi 2025 (esercizio coordinato da Ambasciata d&#8217;Italia a Dakar, con assistenza da Ambasciata d&#8217;Italia a Conakry)\" class=\"read-more\" href=\"https:\/\/ambconakry.esteri.it\/it\/news\/dall_ambasciata\/2025\/04\/566\/\">\n                                    <span class=\"text\">Leggi di pi\u00f9<\/span>\n                                    <svg class=\"icon\">\n                                    <use xlink:href=\"https:\/\/ambconakry.esteri.it\/wp-content\/themes\/sedi-tema\/assets\/svg\/sprites.svg#it-arrow-right\"><\/use>\n                                    <\/svg>\n                                <\/a>\n                                                    <\/div>\n                    <\/div>\n                <\/div>\n                <!--end card-->\n                <\/div><!-- col-12 .mt-3-->\n            \n            <div class=\"col-md-12 mt-4 pb-4\">\n                <nav class=\"navigation col-md-12\" aria-label=\"Navigation\">\n                    <h2 class=\"screen-reader-text visually-hidden\">Paginazione<\/h2>\n                    <div class=\"nav-links\">\n                    <span aria-current=\"page\" class=\"page-numbers current\">1<\/span>\n<a class=\"page-numbers\" href=\"https:\/\/ambconakry.esteri.it\/it\/wp-json\/wp\/v2\/pages\/16\/?pag=2\">2<\/a>\n<a class=\"page-numbers\" href=\"https:\/\/ambconakry.esteri.it\/it\/wp-json\/wp\/v2\/pages\/16\/?pag=3\">3<\/a>\n<a class=\"page-numbers\" href=\"https:\/\/ambconakry.esteri.it\/it\/wp-json\/wp\/v2\/pages\/16\/?pag=4\">4<\/a>\n<a class=\"next page-numbers\" href=\"https:\/\/ambconakry.esteri.it\/it\/wp-json\/wp\/v2\/pages\/16\/?pag=2\"><svg class=\"icon icon-primary\"><use xlink:href=\"https:\/\/ambconakry.esteri.it\/wp-content\/themes\/sedi-tema\/assets\/svg\/sprites.svg#it-chevron-right\"><\/use><\/svg>\n                                    <span class=\"visually-hidden\">Pagina successiva<\/span><\/a>                    <\/div>\n                <\/nav>\n            <\/div>   <!--.col-md-12 -->\n              <\/div><!--.row -->\n              \n","protected":false},"excerpt":{"rendered":"","protected":false},"author":1,"featured_media":0,"parent":0,"menu_order":8,"comment_status":"closed","ping_status":"closed","template":"","meta":{"footnotes":""},"class_list":["post-16","page","type-page","status-publish","hentry"],"_links":{"self":[{"href":"https:\/\/ambconakry.esteri.it\/it\/wp-json\/wp\/v2\/pages\/16","targetHints":{"allow":["GET"]}}],"collection":[{"href":"https:\/\/ambconakry.esteri.it\/it\/wp-json\/wp\/v2\/pages"}],"about":[{"href":"https:\/\/ambconakry.esteri.it\/it\/wp-json\/wp\/v2\/types\/page"}],"author":[{"embeddable":true,"href":"https:\/\/ambconakry.esteri.it\/it\/wp-json\/wp\/v2\/users\/1"}],"replies":[{"embeddable":true,"href":"https:\/\/ambconakry.esteri.it\/it\/wp-json\/wp\/v2\/comments?post=16"}],"version-history":[{"count":2,"href":"https:\/\/ambconakry.esteri.it\/it\/wp-json\/wp\/v2\/pages\/16\/revisions"}],"predecessor-version":[{"id":21,"href":"https:\/\/ambconakry.esteri.it\/it\/wp-json\/wp\/v2\/pages\/16\/revisions\/21"}],"wp:attachment":[{"href":"https:\/\/ambconakry.esteri.it\/it\/wp-json\/wp\/v2\/media?parent=16"}],"curies":[{"name":"wp","href":"https:\/\/api.w.org\/{rel}","templated":true}]}}